{"id":2,"date":"2023-11-20T13:26:17","date_gmt":"2023-11-20T11:26:17","guid":{"rendered":"https:\/\/acbenetusser.com\/rutatapabenetusser\/?page_id=2"},"modified":"2023-11-22T15:36:27","modified_gmt":"2023-11-22T14:36:27","slug":"pagina-exemple","status":"publish","type":"page","link":"https:\/\/acbenetusser.com\/rutatapabenetusser\/pagina-exemple\/","title":{"rendered":"On i qu\u00e8"},"content":{"rendered":"\n<h2 class=\"wp-block-heading\">On<\/h2>\n\n\n\n<p>Gaudeix  de les Tapes que els establiments que participen en la 8\u00aa Ruta de la Tapa de Benet\u00fasser. En la seg\u00fcent imatge podr\u00e0s visualitzar on localitzar-les. Fent clic en l&#8217;enlla\u00e7 te la podr\u00e0s baixar en formato pdf.<\/p>\n\n\n\n<figure data-wp-context=\"{&quot;imageId&quot;:&quot;69f2dd3400b3f&quot;}\" data-wp-interactive=\"core\/image\" data-wp-key=\"69f2dd3400b3f\" class=\"wp-block-image size-large wp-lightbox-container\"><img decoding=\"async\" width=\"724\" height=\"1024\" data-wp-class--hide=\"state.isContentHidden\" data-wp-class--show=\"state.isContentVisible\" data-wp-init=\"callbacks.setButtonStyles\" data-wp-on--click=\"actions.showLightbox\" data-wp-on--load=\"callbacks.setButtonStyles\" data-wp-on-window--resize=\"callbacks.setButtonStyles\" data-src=\"https:\/\/acbenetusser.com\/rutatapabenetusser\/wp-content\/uploads\/sites\/3\/2023\/11\/Mapa-Ruta-Participantes-2023_page-800x1131-1-724x1024.jpg\" alt=\"Mapa de localizaci\u00f3n de los establecimientos participantes\" class=\"wp-image-196 lazyload\" data-srcset=\"https:\/\/acbenetusser.com\/rutatapabenetusser\/wp-content\/uploads\/sites\/3\/2023\/11\/Mapa-Ruta-Participantes-2023_page-800x1131-1-724x1024.jpg 724w, https:\/\/acbenetusser.com\/rutatapabenetusser\/wp-content\/uploads\/sites\/3\/2023\/11\/Mapa-Ruta-Participantes-2023_page-800x1131-1-212x300.jpg 212w, https:\/\/acbenetusser.com\/rutatapabenetusser\/wp-content\/uploads\/sites\/3\/2023\/11\/Mapa-Ruta-Participantes-2023_page-800x1131-1-768x1086.jpg 768w, https:\/\/acbenetusser.com\/rutatapabenetusser\/wp-content\/uploads\/sites\/3\/2023\/11\/Mapa-Ruta-Participantes-2023_page-800x1131-1.jpg 800w\" data-sizes=\"(max-width: 724px) 100vw, 724px\" src=\"data:image\/gif;base64,R0lGODlhAQABAAAAACH5BAEKAAEALAAAAAABAAEAAAICTAEAOw==\" style=\"--smush-placeholder-width: 724px; --smush-placeholder-aspect-ratio: 724\/1024;\" \/><button\n\t\t\tclass=\"lightbox-trigger\"\n\t\t\ttype=\"button\"\n\t\t\taria-haspopup=\"dialog\"\n\t\t\taria-label=\"Amplia\"\n\t\t\tdata-wp-init=\"callbacks.initTriggerButton\"\n\t\t\tdata-wp-on--click=\"actions.showLightbox\"\n\t\t\tdata-wp-style--right=\"state.imageButtonRight\"\n\t\t\tdata-wp-style--top=\"state.imageButtonTop\"\n\t\t>\n\t\t\t<svg xmlns=\"http:\/\/www.w3.org\/2000\/svg\" width=\"12\" height=\"12\" fill=\"none\" viewBox=\"0 0 12 12\">\n\t\t\t\t<path fill=\"#fff\" d=\"M2 0a2 2 0 0 0-2 2v2h1.5V2a.5.5 0 0 1 .5-.5h2V0H2Zm2 10.5H2a.5.5 0 0 1-.5-.5V8H0v2a2 2 0 0 0 2 2h2v-1.5ZM8 12v-1.5h2a.5.5 0 0 0 .5-.5V8H12v2a2 2 0 0 1-2 2H8Zm2-12a2 2 0 0 1 2 2v2h-1.5V2a.5.5 0 0 0-.5-.5H8V0h2Z\" \/>\n\t\t\t<\/svg>\n\t\t<\/button><\/figure>\n\n\n\n<h3 class=\"wp-block-heading\">Baixar<\/h3>\n\n\n\n<ul class=\"wp-block-list\">\n<li><a href=\"https:\/\/www.benetusser.es\/sites\/www.benetusser.es\/files\/Mapa%20Ruta%20Participantes%202023.pdf\">Mapa Ruta de la <\/a><a href=\"https:\/\/www.benetusser.es\/sites\/www.benetusser.es\/files\/Mapa%20Ruta%20Participantes%202023.pdf\" target=\"_blank\" rel=\"noreferrer noopener\">Tapa<\/a><\/li>\n<\/ul>\n\n\n\n<h2 class=\"wp-block-heading\">I Qu\u00e8<\/h2>\n\n\n\n<p>En el seg\u00fcent enlla\u00e7 et podr\u00e0s baixar en pdf la guia oficial de la 8\u00aa Ruta de la Tapa de Benet\u00fasser. Amb  podr\u00e0s assaborir la millor tapa que t&#8217;oferixen els establiments que hi participen.<\/p>\n\n\n\n<h3 class=\"wp-block-heading\">Baixar<\/h3>\n\n\n\n<ul class=\"wp-block-list\">\n<li><a href=\"https:\/\/bit.ly\/3QKAuxZ\" target=\"_blank\" rel=\"noreferrer noopener\">G<\/a><a href=\"https:\/\/bit.ly\/3QKAuxZ\">uia oficial<\/a><\/li>\n<\/ul>\n","protected":false},"excerpt":{"rendered":"<div class=\"mh-excerpt\"><p>On Gaudeix de les Tapes que els establiments que participen en la 8\u00aa Ruta de la Tapa de Benet\u00fasser. En la seg\u00fcent imatge podr\u00e0s visualitzar <a class=\"mh-excerpt-more\" href=\"https:\/\/acbenetusser.com\/rutatapabenetusser\/pagina-exemple\/\" title=\"On i qu\u00e8\">[&#8230;]<\/a><\/p>\n<\/div>","protected":false},"author":1,"featured_media":0,"parent":0,"menu_order":0,"comment_status":"closed","ping_status":"open","template":"template-full.php","meta":{"footnotes":""},"class_list":["post-2","page","type-page","status-publish","hentry"],"yoast_head":"<!-- This site is optimized with the Yoast SEO plugin v25.1 - https:\/\/yoast.com\/wordpress\/plugins\/seo\/ -->\n<title>On i qu\u00e8 - Ruta de la Tapa de Benet\u00fasser<\/title>\n<meta name=\"description\" content=\"Mapa dels establiment que participen en la 8\u00aa Ruta de la Tapa de Benetusser.\" \/>\n<meta name=\"robots\" content=\"index, follow, max-snippet:-1, max-image-preview:large, max-video-preview:-1\" \/>\n<link rel=\"canonical\" href=\"https:\/\/acbenetusser.com\/rutatapabenetusser\/pagina-exemple\/\" \/>\n<meta property=\"og:locale\" content=\"ca_ES\" \/>\n<meta property=\"og:type\" content=\"article\" \/>\n<meta property=\"og:title\" content=\"On i qu\u00e8 - Ruta de la Tapa de Benet\u00fasser\" \/>\n<meta property=\"og:description\" content=\"Mapa dels establiment que participen en la 8\u00aa Ruta de la Tapa de Benetusser.\" \/>\n<meta property=\"og:url\" content=\"https:\/\/acbenetusser.com\/rutatapabenetusser\/pagina-exemple\/\" \/>\n<meta property=\"og:site_name\" content=\"Ruta de la Tapa de Benet\u00fasser\" \/>\n<meta property=\"article:modified_time\" content=\"2023-11-22T14:36:27+00:00\" \/>\n<meta property=\"og:image\" content=\"https:\/\/acbenetusser.com\/rutatapabenetusser\/wp-content\/uploads\/sites\/3\/2023\/11\/Mapa-Ruta-Participantes-2023_page-800x1131-1-724x1024.jpg\" \/>\n<meta name=\"twitter:card\" content=\"summary_large_image\" \/>\n<meta name=\"twitter:label1\" content=\"Temps estimat de lectura\" \/>\n\t<meta name=\"twitter:data1\" content=\"1 minut\" \/>\n<script type=\"application\/ld+json\" class=\"yoast-schema-graph\">{\"@context\":\"https:\/\/schema.org\",\"@graph\":[{\"@type\":\"WebPage\",\"@id\":\"https:\/\/acbenetusser.com\/rutatapabenetusser\/pagina-exemple\/\",\"url\":\"https:\/\/acbenetusser.com\/rutatapabenetusser\/pagina-exemple\/\",\"name\":\"On i qu\u00e8 - Ruta de la Tapa de Benet\u00fasser\",\"isPartOf\":{\"@id\":\"https:\/\/acbenetusser.com\/rutatapabenetusser\/#website\"},\"primaryImageOfPage\":{\"@id\":\"https:\/\/acbenetusser.com\/rutatapabenetusser\/pagina-exemple\/#primaryimage\"},\"image\":{\"@id\":\"https:\/\/acbenetusser.com\/rutatapabenetusser\/pagina-exemple\/#primaryimage\"},\"thumbnailUrl\":\"https:\/\/acbenetusser.com\/rutatapabenetusser\/wp-content\/uploads\/sites\/3\/2023\/11\/Mapa-Ruta-Participantes-2023_page-800x1131-1-724x1024.jpg\",\"datePublished\":\"2023-11-20T11:26:17+00:00\",\"dateModified\":\"2023-11-22T14:36:27+00:00\",\"description\":\"Mapa dels establiment que participen en la 8\u00aa Ruta de la Tapa de Benetusser.\",\"breadcrumb\":{\"@id\":\"https:\/\/acbenetusser.com\/rutatapabenetusser\/pagina-exemple\/#breadcrumb\"},\"inLanguage\":\"ca\",\"potentialAction\":[{\"@type\":\"ReadAction\",\"target\":[\"https:\/\/acbenetusser.com\/rutatapabenetusser\/pagina-exemple\/\"]}]},{\"@type\":\"ImageObject\",\"inLanguage\":\"ca\",\"@id\":\"https:\/\/acbenetusser.com\/rutatapabenetusser\/pagina-exemple\/#primaryimage\",\"url\":\"https:\/\/acbenetusser.com\/rutatapabenetusser\/wp-content\/uploads\/sites\/3\/2023\/11\/Mapa-Ruta-Participantes-2023_page-800x1131-1.jpg\",\"contentUrl\":\"https:\/\/acbenetusser.com\/rutatapabenetusser\/wp-content\/uploads\/sites\/3\/2023\/11\/Mapa-Ruta-Participantes-2023_page-800x1131-1.jpg\",\"width\":800,\"height\":1131,\"caption\":\"Mapa de la 8\u00aa Ruta de la Tapa\"},{\"@type\":\"BreadcrumbList\",\"@id\":\"https:\/\/acbenetusser.com\/rutatapabenetusser\/pagina-exemple\/#breadcrumb\",\"itemListElement\":[{\"@type\":\"ListItem\",\"position\":1,\"name\":\"Inici\",\"item\":\"https:\/\/acbenetusser.com\/rutatapabenetusser\/\"},{\"@type\":\"ListItem\",\"position\":2,\"name\":\"On i qu\u00e8\"}]},{\"@type\":\"WebSite\",\"@id\":\"https:\/\/acbenetusser.com\/rutatapabenetusser\/#website\",\"url\":\"https:\/\/acbenetusser.com\/rutatapabenetusser\/\",\"name\":\"Ruta de la Tapa de Benet\u00fasser\",\"description\":\"9\u00aa Edici\u00f3: 2024. Des del 20 fins al 24 de novembre\",\"potentialAction\":[{\"@type\":\"SearchAction\",\"target\":{\"@type\":\"EntryPoint\",\"urlTemplate\":\"https:\/\/acbenetusser.com\/rutatapabenetusser\/?s={search_term_string}\"},\"query-input\":{\"@type\":\"PropertyValueSpecification\",\"valueRequired\":true,\"valueName\":\"search_term_string\"}}],\"inLanguage\":\"ca\"}]}<\/script>\n<!-- \/ Yoast SEO plugin. -->","yoast_head_json":{"title":"On i qu\u00e8 - Ruta de la Tapa de Benet\u00fasser","description":"Mapa dels establiment que participen en la 8\u00aa Ruta de la Tapa de Benetusser.","robots":{"index":"index","follow":"follow","max-snippet":"max-snippet:-1","max-image-preview":"max-image-preview:large","max-video-preview":"max-video-preview:-1"},"canonical":"https:\/\/acbenetusser.com\/rutatapabenetusser\/pagina-exemple\/","og_locale":"ca_ES","og_type":"article","og_title":"On i qu\u00e8 - Ruta de la Tapa de Benet\u00fasser","og_description":"Mapa dels establiment que participen en la 8\u00aa Ruta de la Tapa de Benetusser.","og_url":"https:\/\/acbenetusser.com\/rutatapabenetusser\/pagina-exemple\/","og_site_name":"Ruta de la Tapa de Benet\u00fasser","article_modified_time":"2023-11-22T14:36:27+00:00","og_image":[{"url":"https:\/\/acbenetusser.com\/rutatapabenetusser\/wp-content\/uploads\/sites\/3\/2023\/11\/Mapa-Ruta-Participantes-2023_page-800x1131-1-724x1024.jpg","type":"","width":"","height":""}],"twitter_card":"summary_large_image","twitter_misc":{"Temps estimat de lectura":"1 minut"},"schema":{"@context":"https:\/\/schema.org","@graph":[{"@type":"WebPage","@id":"https:\/\/acbenetusser.com\/rutatapabenetusser\/pagina-exemple\/","url":"https:\/\/acbenetusser.com\/rutatapabenetusser\/pagina-exemple\/","name":"On i qu\u00e8 - Ruta de la Tapa de Benet\u00fasser","isPartOf":{"@id":"https:\/\/acbenetusser.com\/rutatapabenetusser\/#website"},"primaryImageOfPage":{"@id":"https:\/\/acbenetusser.com\/rutatapabenetusser\/pagina-exemple\/#primaryimage"},"image":{"@id":"https:\/\/acbenetusser.com\/rutatapabenetusser\/pagina-exemple\/#primaryimage"},"thumbnailUrl":"https:\/\/acbenetusser.com\/rutatapabenetusser\/wp-content\/uploads\/sites\/3\/2023\/11\/Mapa-Ruta-Participantes-2023_page-800x1131-1-724x1024.jpg","datePublished":"2023-11-20T11:26:17+00:00","dateModified":"2023-11-22T14:36:27+00:00","description":"Mapa dels establiment que participen en la 8\u00aa Ruta de la Tapa de Benetusser.","breadcrumb":{"@id":"https:\/\/acbenetusser.com\/rutatapabenetusser\/pagina-exemple\/#breadcrumb"},"inLanguage":"ca","potentialAction":[{"@type":"ReadAction","target":["https:\/\/acbenetusser.com\/rutatapabenetusser\/pagina-exemple\/"]}]},{"@type":"ImageObject","inLanguage":"ca","@id":"https:\/\/acbenetusser.com\/rutatapabenetusser\/pagina-exemple\/#primaryimage","url":"https:\/\/acbenetusser.com\/rutatapabenetusser\/wp-content\/uploads\/sites\/3\/2023\/11\/Mapa-Ruta-Participantes-2023_page-800x1131-1.jpg","contentUrl":"https:\/\/acbenetusser.com\/rutatapabenetusser\/wp-content\/uploads\/sites\/3\/2023\/11\/Mapa-Ruta-Participantes-2023_page-800x1131-1.jpg","width":800,"height":1131,"caption":"Mapa de la 8\u00aa Ruta de la Tapa"},{"@type":"BreadcrumbList","@id":"https:\/\/acbenetusser.com\/rutatapabenetusser\/pagina-exemple\/#breadcrumb","itemListElement":[{"@type":"ListItem","position":1,"name":"Inici","item":"https:\/\/acbenetusser.com\/rutatapabenetusser\/"},{"@type":"ListItem","position":2,"name":"On i qu\u00e8"}]},{"@type":"WebSite","@id":"https:\/\/acbenetusser.com\/rutatapabenetusser\/#website","url":"https:\/\/acbenetusser.com\/rutatapabenetusser\/","name":"Ruta de la Tapa de Benet\u00fasser","description":"9\u00aa Edici\u00f3: 2024. Des del 20 fins al 24 de novembre","potentialAction":[{"@type":"SearchAction","target":{"@type":"EntryPoint","urlTemplate":"https:\/\/acbenetusser.com\/rutatapabenetusser\/?s={search_term_string}"},"query-input":{"@type":"PropertyValueSpecification","valueRequired":true,"valueName":"search_term_string"}}],"inLanguage":"ca"}]}},"_links":{"self":[{"href":"https:\/\/acbenetusser.com\/rutatapabenetusser\/wp-json\/wp\/v2\/pages\/2","targetHints":{"allow":["GET"]}}],"collection":[{"href":"https:\/\/acbenetusser.com\/rutatapabenetusser\/wp-json\/wp\/v2\/pages"}],"about":[{"href":"https:\/\/acbenetusser.com\/rutatapabenetusser\/wp-json\/wp\/v2\/types\/page"}],"author":[{"embeddable":true,"href":"https:\/\/acbenetusser.com\/rutatapabenetusser\/wp-json\/wp\/v2\/users\/1"}],"replies":[{"embeddable":true,"href":"https:\/\/acbenetusser.com\/rutatapabenetusser\/wp-json\/wp\/v2\/comments?post=2"}],"version-history":[{"count":3,"href":"https:\/\/acbenetusser.com\/rutatapabenetusser\/wp-json\/wp\/v2\/pages\/2\/revisions"}],"predecessor-version":[{"id":209,"href":"https:\/\/acbenetusser.com\/rutatapabenetusser\/wp-json\/wp\/v2\/pages\/2\/revisions\/209"}],"wp:attachment":[{"href":"https:\/\/acbenetusser.com\/rutatapabenetusser\/wp-json\/wp\/v2\/media?parent=2"}],"curies":[{"name":"wp","href":"https:\/\/api.w.org\/{rel}","templated":true}]}}