{"id":258,"date":"2023-11-23T09:13:00","date_gmt":"2023-11-23T08:13:00","guid":{"rendered":"https:\/\/acbenetusser.com\/rutatapabenetusser\/?page_id=258"},"modified":"2023-11-24T06:15:20","modified_gmt":"2023-11-24T05:15:20","slug":"galeria-de-imatges","status":"publish","type":"page","link":"https:\/\/acbenetusser.com\/rutatapabenetusser\/galeria-de-imatges\/","title":{"rendered":"Galeria d&#8217;imatges"},"content":{"rendered":"\n<h2 class=\"wp-block-heading\">Inauguraci\u00f3<\/h2>\n\n\n\n<p>Ac\u00ed us deixem algunes de les imatges de l&#8217;acte de presentaci\u00f3 de la 8\u00aa Ruta de la Tapa de Benet\u00fasser.<\/p>\n\n\n\n<figure class=\"wp-block-gallery has-nested-images columns-default is-cropped wp-block-gallery-1 is-layout-flex wp-block-gallery-is-layout-flex\">\n<figure class=\"wp-block-image size-large\"><img decoding=\"async\" width=\"512\" height=\"341\" data-id=\"257\" data-src=\"https:\/\/acbenetusser.com\/rutatapabenetusser\/wp-content\/uploads\/sites\/3\/2023\/11\/Probando-el-jamon.jpg\" alt=\"\" class=\"wp-image-257 lazyload\" data-srcset=\"https:\/\/acbenetusser.com\/rutatapabenetusser\/wp-content\/uploads\/sites\/3\/2023\/11\/Probando-el-jamon.jpg 512w, https:\/\/acbenetusser.com\/rutatapabenetusser\/wp-content\/uploads\/sites\/3\/2023\/11\/Probando-el-jamon-300x200.jpg 300w\" data-sizes=\"(max-width: 512px) 100vw, 512px\" src=\"data:image\/gif;base64,R0lGODlhAQABAAAAACH5BAEKAAEALAAAAAABAAEAAAICTAEAOw==\" style=\"--smush-placeholder-width: 512px; --smush-placeholder-aspect-ratio: 512\/341;\" \/><\/figure>\n\n\n\n<figure class=\"wp-block-image size-large\"><img decoding=\"async\" width=\"512\" height=\"341\" data-id=\"256\" data-src=\"https:\/\/acbenetusser.com\/rutatapabenetusser\/wp-content\/uploads\/sites\/3\/2023\/11\/Imagen-general.jpg\" alt=\"\" class=\"wp-image-256 lazyload\" data-srcset=\"https:\/\/acbenetusser.com\/rutatapabenetusser\/wp-content\/uploads\/sites\/3\/2023\/11\/Imagen-general.jpg 512w, https:\/\/acbenetusser.com\/rutatapabenetusser\/wp-content\/uploads\/sites\/3\/2023\/11\/Imagen-general-300x200.jpg 300w\" data-sizes=\"(max-width: 512px) 100vw, 512px\" src=\"data:image\/gif;base64,R0lGODlhAQABAAAAACH5BAEKAAEALAAAAAABAAEAAAICTAEAOw==\" style=\"--smush-placeholder-width: 512px; --smush-placeholder-aspect-ratio: 512\/341;\" \/><\/figure>\n\n\n\n<figure class=\"wp-block-image size-large\"><img decoding=\"async\" width=\"512\" height=\"341\" data-id=\"254\" data-src=\"https:\/\/acbenetusser.com\/rutatapabenetusser\/wp-content\/uploads\/sites\/3\/2023\/11\/Tapa-2.jpg\" alt=\"\" class=\"wp-image-254 lazyload\" data-srcset=\"https:\/\/acbenetusser.com\/rutatapabenetusser\/wp-content\/uploads\/sites\/3\/2023\/11\/Tapa-2.jpg 512w, https:\/\/acbenetusser.com\/rutatapabenetusser\/wp-content\/uploads\/sites\/3\/2023\/11\/Tapa-2-300x200.jpg 300w\" data-sizes=\"(max-width: 512px) 100vw, 512px\" src=\"data:image\/gif;base64,R0lGODlhAQABAAAAACH5BAEKAAEALAAAAAABAAEAAAICTAEAOw==\" style=\"--smush-placeholder-width: 512px; --smush-placeholder-aspect-ratio: 512\/341;\" \/><\/figure>\n\n\n\n<figure class=\"wp-block-image size-large\"><img decoding=\"async\" width=\"512\" height=\"341\" data-id=\"253\" data-src=\"https:\/\/acbenetusser.com\/rutatapabenetusser\/wp-content\/uploads\/sites\/3\/2023\/11\/Presidenta-Incluversa-y-alcaldesa.jpg\" alt=\"\" class=\"wp-image-253 lazyload\" data-srcset=\"https:\/\/acbenetusser.com\/rutatapabenetusser\/wp-content\/uploads\/sites\/3\/2023\/11\/Presidenta-Incluversa-y-alcaldesa.jpg 512w, https:\/\/acbenetusser.com\/rutatapabenetusser\/wp-content\/uploads\/sites\/3\/2023\/11\/Presidenta-Incluversa-y-alcaldesa-300x200.jpg 300w\" data-sizes=\"(max-width: 512px) 100vw, 512px\" src=\"data:image\/gif;base64,R0lGODlhAQABAAAAACH5BAEKAAEALAAAAAABAAEAAAICTAEAOw==\" style=\"--smush-placeholder-width: 512px; --smush-placeholder-aspect-ratio: 512\/341;\" \/><\/figure>\n\n\n\n<figure class=\"wp-block-image size-large\"><img decoding=\"async\" width=\"512\" height=\"341\" data-id=\"252\" data-src=\"https:\/\/acbenetusser.com\/rutatapabenetusser\/wp-content\/uploads\/sites\/3\/2023\/11\/Acto.jpg\" alt=\"\" class=\"wp-image-252 lazyload\" data-srcset=\"https:\/\/acbenetusser.com\/rutatapabenetusser\/wp-content\/uploads\/sites\/3\/2023\/11\/Acto.jpg 512w, https:\/\/acbenetusser.com\/rutatapabenetusser\/wp-content\/uploads\/sites\/3\/2023\/11\/Acto-300x200.jpg 300w\" data-sizes=\"(max-width: 512px) 100vw, 512px\" src=\"data:image\/gif;base64,R0lGODlhAQABAAAAACH5BAEKAAEALAAAAAABAAEAAAICTAEAOw==\" style=\"--smush-placeholder-width: 512px; --smush-placeholder-aspect-ratio: 512\/341;\" \/><\/figure>\n\n\n\n<figure class=\"wp-block-image size-large\"><img decoding=\"async\" width=\"512\" height=\"341\" data-id=\"251\" data-src=\"https:\/\/acbenetusser.com\/rutatapabenetusser\/wp-content\/uploads\/sites\/3\/2023\/11\/Presidente-Christian.jpg\" alt=\"\" class=\"wp-image-251 lazyload\" data-srcset=\"https:\/\/acbenetusser.com\/rutatapabenetusser\/wp-content\/uploads\/sites\/3\/2023\/11\/Presidente-Christian.jpg 512w, https:\/\/acbenetusser.com\/rutatapabenetusser\/wp-content\/uploads\/sites\/3\/2023\/11\/Presidente-Christian-300x200.jpg 300w\" data-sizes=\"(max-width: 512px) 100vw, 512px\" src=\"data:image\/gif;base64,R0lGODlhAQABAAAAACH5BAEKAAEALAAAAAABAAEAAAICTAEAOw==\" style=\"--smush-placeholder-width: 512px; --smush-placeholder-aspect-ratio: 512\/341;\" \/><\/figure>\n\n\n\n<figure class=\"wp-block-image size-large\"><img decoding=\"async\" width=\"512\" height=\"341\" data-id=\"250\" data-src=\"https:\/\/acbenetusser.com\/rutatapabenetusser\/wp-content\/uploads\/sites\/3\/2023\/11\/Tapa-1.jpg\" alt=\"\" class=\"wp-image-250 lazyload\" data-srcset=\"https:\/\/acbenetusser.com\/rutatapabenetusser\/wp-content\/uploads\/sites\/3\/2023\/11\/Tapa-1.jpg 512w, https:\/\/acbenetusser.com\/rutatapabenetusser\/wp-content\/uploads\/sites\/3\/2023\/11\/Tapa-1-300x200.jpg 300w\" data-sizes=\"(max-width: 512px) 100vw, 512px\" src=\"data:image\/gif;base64,R0lGODlhAQABAAAAACH5BAEKAAEALAAAAAABAAEAAAICTAEAOw==\" style=\"--smush-placeholder-width: 512px; --smush-placeholder-aspect-ratio: 512\/341;\" \/><\/figure>\n\n\n\n<figure class=\"wp-block-image size-large\"><img decoding=\"async\" width=\"512\" height=\"341\" data-id=\"249\" data-src=\"https:\/\/acbenetusser.com\/rutatapabenetusser\/wp-content\/uploads\/sites\/3\/2023\/11\/Imagen-Ruta.jpg\" alt=\"\" class=\"wp-image-249 lazyload\" data-srcset=\"https:\/\/acbenetusser.com\/rutatapabenetusser\/wp-content\/uploads\/sites\/3\/2023\/11\/Imagen-Ruta.jpg 512w, https:\/\/acbenetusser.com\/rutatapabenetusser\/wp-content\/uploads\/sites\/3\/2023\/11\/Imagen-Ruta-300x200.jpg 300w\" data-sizes=\"(max-width: 512px) 100vw, 512px\" src=\"data:image\/gif;base64,R0lGODlhAQABAAAAACH5BAEKAAEALAAAAAABAAEAAAICTAEAOw==\" style=\"--smush-placeholder-width: 512px; --smush-placeholder-aspect-ratio: 512\/341;\" \/><\/figure>\n\n\n\n<figure class=\"wp-block-image size-large\"><img decoding=\"async\" width=\"512\" height=\"341\" data-id=\"248\" data-src=\"https:\/\/acbenetusser.com\/rutatapabenetusser\/wp-content\/uploads\/sites\/3\/2023\/11\/Tapa.jpg\" alt=\"\" class=\"wp-image-248 lazyload\" data-srcset=\"https:\/\/acbenetusser.com\/rutatapabenetusser\/wp-content\/uploads\/sites\/3\/2023\/11\/Tapa.jpg 512w, https:\/\/acbenetusser.com\/rutatapabenetusser\/wp-content\/uploads\/sites\/3\/2023\/11\/Tapa-300x200.jpg 300w\" data-sizes=\"(max-width: 512px) 100vw, 512px\" src=\"data:image\/gif;base64,R0lGODlhAQABAAAAACH5BAEKAAEALAAAAAABAAEAAAICTAEAOw==\" style=\"--smush-placeholder-width: 512px; --smush-placeholder-aspect-ratio: 512\/341;\" \/><\/figure>\n\n\n\n<figure class=\"wp-block-image size-large\"><img decoding=\"async\" width=\"512\" height=\"341\" data-id=\"247\" data-src=\"https:\/\/acbenetusser.com\/rutatapabenetusser\/wp-content\/uploads\/sites\/3\/2023\/11\/Concejal-Emilio-discurso.jpg\" alt=\"\" class=\"wp-image-247 lazyload\" data-srcset=\"https:\/\/acbenetusser.com\/rutatapabenetusser\/wp-content\/uploads\/sites\/3\/2023\/11\/Concejal-Emilio-discurso.jpg 512w, https:\/\/acbenetusser.com\/rutatapabenetusser\/wp-content\/uploads\/sites\/3\/2023\/11\/Concejal-Emilio-discurso-300x200.jpg 300w\" data-sizes=\"(max-width: 512px) 100vw, 512px\" src=\"data:image\/gif;base64,R0lGODlhAQABAAAAACH5BAEKAAEALAAAAAABAAEAAAICTAEAOw==\" style=\"--smush-placeholder-width: 512px; --smush-placeholder-aspect-ratio: 512\/341;\" \/><\/figure>\n\n\n\n<figure class=\"wp-block-image size-large\"><img decoding=\"async\" width=\"512\" height=\"341\" data-id=\"246\" data-src=\"https:\/\/acbenetusser.com\/rutatapabenetusser\/wp-content\/uploads\/sites\/3\/2023\/11\/Alcaldesa-departiendo.jpg\" alt=\"\" class=\"wp-image-246 lazyload\" data-srcset=\"https:\/\/acbenetusser.com\/rutatapabenetusser\/wp-content\/uploads\/sites\/3\/2023\/11\/Alcaldesa-departiendo.jpg 512w, https:\/\/acbenetusser.com\/rutatapabenetusser\/wp-content\/uploads\/sites\/3\/2023\/11\/Alcaldesa-departiendo-300x200.jpg 300w\" data-sizes=\"(max-width: 512px) 100vw, 512px\" src=\"data:image\/gif;base64,R0lGODlhAQABAAAAACH5BAEKAAEALAAAAAABAAEAAAICTAEAOw==\" style=\"--smush-placeholder-width: 512px; --smush-placeholder-aspect-ratio: 512\/341;\" \/><\/figure>\n\n\n\n<figure class=\"wp-block-image size-large\"><img decoding=\"async\" width=\"512\" height=\"341\" data-id=\"245\" data-src=\"https:\/\/acbenetusser.com\/rutatapabenetusser\/wp-content\/uploads\/sites\/3\/2023\/11\/Directora-General-de-Comerc.jpg\" alt=\"\" class=\"wp-image-245 lazyload\" data-srcset=\"https:\/\/acbenetusser.com\/rutatapabenetusser\/wp-content\/uploads\/sites\/3\/2023\/11\/Directora-General-de-Comerc.jpg 512w, https:\/\/acbenetusser.com\/rutatapabenetusser\/wp-content\/uploads\/sites\/3\/2023\/11\/Directora-General-de-Comerc-300x200.jpg 300w\" data-sizes=\"(max-width: 512px) 100vw, 512px\" src=\"data:image\/gif;base64,R0lGODlhAQABAAAAACH5BAEKAAEALAAAAAABAAEAAAICTAEAOw==\" style=\"--smush-placeholder-width: 512px; --smush-placeholder-aspect-ratio: 512\/341;\" \/><\/figure>\n\n\n\n<figure class=\"wp-block-image size-large\"><img decoding=\"async\" width=\"512\" height=\"341\" data-id=\"244\" data-src=\"https:\/\/acbenetusser.com\/rutatapabenetusser\/wp-content\/uploads\/sites\/3\/2023\/11\/Colectiva-tapas-1.jpg\" alt=\"\" class=\"wp-image-244 lazyload\" data-srcset=\"https:\/\/acbenetusser.com\/rutatapabenetusser\/wp-content\/uploads\/sites\/3\/2023\/11\/Colectiva-tapas-1.jpg 512w, https:\/\/acbenetusser.com\/rutatapabenetusser\/wp-content\/uploads\/sites\/3\/2023\/11\/Colectiva-tapas-1-300x200.jpg 300w\" data-sizes=\"(max-width: 512px) 100vw, 512px\" src=\"data:image\/gif;base64,R0lGODlhAQABAAAAACH5BAEKAAEALAAAAAABAAEAAAICTAEAOw==\" style=\"--smush-placeholder-width: 512px; --smush-placeholder-aspect-ratio: 512\/341;\" \/><\/figure>\n\n\n\n<figure class=\"wp-block-image size-large\"><img decoding=\"async\" width=\"512\" height=\"341\" data-id=\"243\" data-src=\"https:\/\/acbenetusser.com\/rutatapabenetusser\/wp-content\/uploads\/sites\/3\/2023\/11\/Colectiva-tapas.jpg\" alt=\"\" class=\"wp-image-243 lazyload\" data-srcset=\"https:\/\/acbenetusser.com\/rutatapabenetusser\/wp-content\/uploads\/sites\/3\/2023\/11\/Colectiva-tapas.jpg 512w, https:\/\/acbenetusser.com\/rutatapabenetusser\/wp-content\/uploads\/sites\/3\/2023\/11\/Colectiva-tapas-300x200.jpg 300w\" data-sizes=\"(max-width: 512px) 100vw, 512px\" src=\"data:image\/gif;base64,R0lGODlhAQABAAAAACH5BAEKAAEALAAAAAABAAEAAAICTAEAOw==\" style=\"--smush-placeholder-width: 512px; --smush-placeholder-aspect-ratio: 512\/341;\" \/><\/figure>\n\n\n\n<figure class=\"wp-block-image size-large\"><img decoding=\"async\" width=\"512\" height=\"341\" data-id=\"241\" data-src=\"https:\/\/acbenetusser.com\/rutatapabenetusser\/wp-content\/uploads\/sites\/3\/2023\/11\/Presidente-de-hosteleria.jpg\" alt=\"\" class=\"wp-image-241 lazyload\" data-srcset=\"https:\/\/acbenetusser.com\/rutatapabenetusser\/wp-content\/uploads\/sites\/3\/2023\/11\/Presidente-de-hosteleria.jpg 512w, https:\/\/acbenetusser.com\/rutatapabenetusser\/wp-content\/uploads\/sites\/3\/2023\/11\/Presidente-de-hosteleria-300x200.jpg 300w\" data-sizes=\"(max-width: 512px) 100vw, 512px\" src=\"data:image\/gif;base64,R0lGODlhAQABAAAAACH5BAEKAAEALAAAAAABAAEAAAICTAEAOw==\" style=\"--smush-placeholder-width: 512px; --smush-placeholder-aspect-ratio: 512\/341;\" \/><\/figure>\n\n\n\n<figure class=\"wp-block-image size-large\"><img decoding=\"async\" width=\"512\" height=\"341\" data-id=\"240\" data-src=\"https:\/\/acbenetusser.com\/rutatapabenetusser\/wp-content\/uploads\/sites\/3\/2023\/11\/Nou-Favara-1.jpg\" alt=\"\" class=\"wp-image-240 lazyload\" data-srcset=\"https:\/\/acbenetusser.com\/rutatapabenetusser\/wp-content\/uploads\/sites\/3\/2023\/11\/Nou-Favara-1.jpg 512w, https:\/\/acbenetusser.com\/rutatapabenetusser\/wp-content\/uploads\/sites\/3\/2023\/11\/Nou-Favara-1-300x200.jpg 300w\" data-sizes=\"(max-width: 512px) 100vw, 512px\" src=\"data:image\/gif;base64,R0lGODlhAQABAAAAACH5BAEKAAEALAAAAAABAAEAAAICTAEAOw==\" style=\"--smush-placeholder-width: 512px; --smush-placeholder-aspect-ratio: 512\/341;\" \/><\/figure>\n\n\n\n<figure class=\"wp-block-image size-large\"><img decoding=\"async\" width=\"512\" height=\"341\" data-id=\"238\" data-src=\"https:\/\/acbenetusser.com\/rutatapabenetusser\/wp-content\/uploads\/sites\/3\/2023\/11\/Establecimiento-que-desconozco.jpg\" alt=\"\" class=\"wp-image-238 lazyload\" data-srcset=\"https:\/\/acbenetusser.com\/rutatapabenetusser\/wp-content\/uploads\/sites\/3\/2023\/11\/Establecimiento-que-desconozco.jpg 512w, https:\/\/acbenetusser.com\/rutatapabenetusser\/wp-content\/uploads\/sites\/3\/2023\/11\/Establecimiento-que-desconozco-300x200.jpg 300w\" data-sizes=\"(max-width: 512px) 100vw, 512px\" src=\"data:image\/gif;base64,R0lGODlhAQABAAAAACH5BAEKAAEALAAAAAABAAEAAAICTAEAOw==\" style=\"--smush-placeholder-width: 512px; --smush-placeholder-aspect-ratio: 512\/341;\" \/><\/figure>\n\n\n\n<figure class=\"wp-block-image size-large\"><img decoding=\"async\" width=\"300\" height=\"169\" data-id=\"237\" data-src=\"https:\/\/acbenetusser.com\/rutatapabenetusser\/wp-content\/uploads\/sites\/3\/2023\/11\/Autoridades-presentes-en-la-inauguracion-8-Ruta-Tapa-de-Benetusser-.jpeg\" alt=\"\" class=\"wp-image-237 lazyload\" src=\"data:image\/gif;base64,R0lGODlhAQABAAAAACH5BAEKAAEALAAAAAABAAEAAAICTAEAOw==\" style=\"--smush-placeholder-width: 300px; --smush-placeholder-aspect-ratio: 300\/169;\" \/><\/figure>\n\n\n\n<figure class=\"wp-block-image size-large\"><img decoding=\"async\" width=\"512\" height=\"341\" data-id=\"236\" data-src=\"https:\/\/acbenetusser.com\/rutatapabenetusser\/wp-content\/uploads\/sites\/3\/2023\/11\/Pasatapas.jpg\" alt=\"\" class=\"wp-image-236 lazyload\" data-srcset=\"https:\/\/acbenetusser.com\/rutatapabenetusser\/wp-content\/uploads\/sites\/3\/2023\/11\/Pasatapas.jpg 512w, https:\/\/acbenetusser.com\/rutatapabenetusser\/wp-content\/uploads\/sites\/3\/2023\/11\/Pasatapas-300x200.jpg 300w\" data-sizes=\"(max-width: 512px) 100vw, 512px\" src=\"data:image\/gif;base64,R0lGODlhAQABAAAAACH5BAEKAAEALAAAAAABAAEAAAICTAEAOw==\" style=\"--smush-placeholder-width: 512px; --smush-placeholder-aspect-ratio: 512\/341;\" \/><\/figure>\n\n\n\n<figure class=\"wp-block-image size-large\"><img decoding=\"async\" width=\"512\" height=\"341\" data-id=\"235\" data-src=\"https:\/\/acbenetusser.com\/rutatapabenetusser\/wp-content\/uploads\/sites\/3\/2023\/11\/Discurso-Alcaldesa-.jpg\" alt=\"\" class=\"wp-image-235 lazyload\" data-srcset=\"https:\/\/acbenetusser.com\/rutatapabenetusser\/wp-content\/uploads\/sites\/3\/2023\/11\/Discurso-Alcaldesa-.jpg 512w, https:\/\/acbenetusser.com\/rutatapabenetusser\/wp-content\/uploads\/sites\/3\/2023\/11\/Discurso-Alcaldesa--300x200.jpg 300w\" data-sizes=\"(max-width: 512px) 100vw, 512px\" src=\"data:image\/gif;base64,R0lGODlhAQABAAAAACH5BAEKAAEALAAAAAABAAEAAAICTAEAOw==\" style=\"--smush-placeholder-width: 512px; --smush-placeholder-aspect-ratio: 512\/341;\" \/><\/figure>\n\n\n\n<figure class=\"wp-block-image size-large\"><img decoding=\"async\" width=\"512\" height=\"341\" data-id=\"233\" data-src=\"https:\/\/acbenetusser.com\/rutatapabenetusser\/wp-content\/uploads\/sites\/3\/2023\/11\/Concejal-Emilio.jpg\" alt=\"\" class=\"wp-image-233 lazyload\" data-srcset=\"https:\/\/acbenetusser.com\/rutatapabenetusser\/wp-content\/uploads\/sites\/3\/2023\/11\/Concejal-Emilio.jpg 512w, https:\/\/acbenetusser.com\/rutatapabenetusser\/wp-content\/uploads\/sites\/3\/2023\/11\/Concejal-Emilio-300x200.jpg 300w\" data-sizes=\"(max-width: 512px) 100vw, 512px\" src=\"data:image\/gif;base64,R0lGODlhAQABAAAAACH5BAEKAAEALAAAAAABAAEAAAICTAEAOw==\" style=\"--smush-placeholder-width: 512px; --smush-placeholder-aspect-ratio: 512\/341;\" \/><\/figure>\n\n\n\n<figure class=\"wp-block-image size-large\"><img decoding=\"async\" width=\"512\" height=\"341\" data-id=\"234\" data-src=\"https:\/\/acbenetusser.com\/rutatapabenetusser\/wp-content\/uploads\/sites\/3\/2023\/11\/Foto-colectiva.jpg\" alt=\"\" class=\"wp-image-234 lazyload\" data-srcset=\"https:\/\/acbenetusser.com\/rutatapabenetusser\/wp-content\/uploads\/sites\/3\/2023\/11\/Foto-colectiva.jpg 512w, https:\/\/acbenetusser.com\/rutatapabenetusser\/wp-content\/uploads\/sites\/3\/2023\/11\/Foto-colectiva-300x200.jpg 300w\" data-sizes=\"(max-width: 512px) 100vw, 512px\" src=\"data:image\/gif;base64,R0lGODlhAQABAAAAACH5BAEKAAEALAAAAAABAAEAAAICTAEAOw==\" style=\"--smush-placeholder-width: 512px; --smush-placeholder-aspect-ratio: 512\/341;\" \/><\/figure>\n<\/figure>\n","protected":false},"excerpt":{"rendered":"<div class=\"mh-excerpt\"><p>Inauguraci\u00f3 Ac\u00ed us deixem algunes de les imatges de l&#8217;acte de presentaci\u00f3 de la 8\u00aa Ruta de la Tapa de Benet\u00fasser.<\/p>\n<\/div>","protected":false},"author":1,"featured_media":234,"parent":0,"menu_order":0,"comment_status":"closed","ping_status":"closed","template":"template-full.php","meta":{"footnotes":""},"class_list":["post-258","page","type-page","status-publish","has-post-thumbnail","hentry"],"yoast_head":"<!-- This site is optimized with the Yoast SEO plugin v25.1 - https:\/\/yoast.com\/wordpress\/plugins\/seo\/ -->\n<title>Galeria d&#039;imatges - Ruta de la Tapa de Benet\u00fasser<\/title>\n<meta name=\"robots\" content=\"index, follow, max-snippet:-1, max-image-preview:large, max-video-preview:-1\" \/>\n<link rel=\"canonical\" href=\"https:\/\/acbenetusser.com\/rutatapabenetusser\/galeria-de-imatges\/\" \/>\n<meta property=\"og:locale\" content=\"ca_ES\" \/>\n<meta property=\"og:type\" content=\"article\" \/>\n<meta property=\"og:title\" content=\"Galeria d&#039;imatges - Ruta de la Tapa de Benet\u00fasser\" \/>\n<meta property=\"og:description\" content=\"Inauguraci\u00f3 Ac\u00ed us deixem algunes de les imatges de l&#8217;acte de presentaci\u00f3 de la 8\u00aa Ruta de la Tapa de Benet\u00fasser.\" \/>\n<meta property=\"og:url\" content=\"https:\/\/acbenetusser.com\/rutatapabenetusser\/galeria-de-imatges\/\" \/>\n<meta property=\"og:site_name\" content=\"Ruta de la Tapa de Benet\u00fasser\" \/>\n<meta property=\"article:modified_time\" content=\"2023-11-24T05:15:20+00:00\" \/>\n<meta property=\"og:image\" content=\"https:\/\/acbenetusser.com\/rutatapabenetusser\/wp-content\/uploads\/sites\/3\/2023\/11\/Foto-colectiva.jpg\" \/>\n\t<meta property=\"og:image:width\" content=\"512\" \/>\n\t<meta property=\"og:image:height\" content=\"341\" \/>\n\t<meta property=\"og:image:type\" content=\"image\/jpeg\" \/>\n<meta name=\"twitter:card\" content=\"summary_large_image\" \/>\n<meta name=\"twitter:label1\" content=\"Temps estimat de lectura\" \/>\n\t<meta name=\"twitter:data1\" content=\"5 minuts\" \/>\n<script type=\"application\/ld+json\" class=\"yoast-schema-graph\">{\"@context\":\"https:\/\/schema.org\",\"@graph\":[{\"@type\":\"WebPage\",\"@id\":\"https:\/\/acbenetusser.com\/rutatapabenetusser\/galeria-de-imatges\/\",\"url\":\"https:\/\/acbenetusser.com\/rutatapabenetusser\/galeria-de-imatges\/\",\"name\":\"Galeria d'imatges - Ruta de la Tapa de Benet\u00fasser\",\"isPartOf\":{\"@id\":\"https:\/\/acbenetusser.com\/rutatapabenetusser\/#website\"},\"primaryImageOfPage\":{\"@id\":\"https:\/\/acbenetusser.com\/rutatapabenetusser\/galeria-de-imatges\/#primaryimage\"},\"image\":{\"@id\":\"https:\/\/acbenetusser.com\/rutatapabenetusser\/galeria-de-imatges\/#primaryimage\"},\"thumbnailUrl\":\"https:\/\/acbenetusser.com\/rutatapabenetusser\/wp-content\/uploads\/sites\/3\/2023\/11\/Foto-colectiva.jpg\",\"datePublished\":\"2023-11-23T08:13:00+00:00\",\"dateModified\":\"2023-11-24T05:15:20+00:00\",\"breadcrumb\":{\"@id\":\"https:\/\/acbenetusser.com\/rutatapabenetusser\/galeria-de-imatges\/#breadcrumb\"},\"inLanguage\":\"ca\",\"potentialAction\":[{\"@type\":\"ReadAction\",\"target\":[\"https:\/\/acbenetusser.com\/rutatapabenetusser\/galeria-de-imatges\/\"]}]},{\"@type\":\"ImageObject\",\"inLanguage\":\"ca\",\"@id\":\"https:\/\/acbenetusser.com\/rutatapabenetusser\/galeria-de-imatges\/#primaryimage\",\"url\":\"https:\/\/acbenetusser.com\/rutatapabenetusser\/wp-content\/uploads\/sites\/3\/2023\/11\/Foto-colectiva.jpg\",\"contentUrl\":\"https:\/\/acbenetusser.com\/rutatapabenetusser\/wp-content\/uploads\/sites\/3\/2023\/11\/Foto-colectiva.jpg\",\"width\":512,\"height\":341},{\"@type\":\"BreadcrumbList\",\"@id\":\"https:\/\/acbenetusser.com\/rutatapabenetusser\/galeria-de-imatges\/#breadcrumb\",\"itemListElement\":[{\"@type\":\"ListItem\",\"position\":1,\"name\":\"Inici\",\"item\":\"https:\/\/acbenetusser.com\/rutatapabenetusser\/\"},{\"@type\":\"ListItem\",\"position\":2,\"name\":\"Galeria d&#8217;imatges\"}]},{\"@type\":\"WebSite\",\"@id\":\"https:\/\/acbenetusser.com\/rutatapabenetusser\/#website\",\"url\":\"https:\/\/acbenetusser.com\/rutatapabenetusser\/\",\"name\":\"Ruta de la Tapa de Benet\u00fasser\",\"description\":\"9\u00aa Edici\u00f3: 2024. Des del 20 fins al 24 de novembre\",\"potentialAction\":[{\"@type\":\"SearchAction\",\"target\":{\"@type\":\"EntryPoint\",\"urlTemplate\":\"https:\/\/acbenetusser.com\/rutatapabenetusser\/?s={search_term_string}\"},\"query-input\":{\"@type\":\"PropertyValueSpecification\",\"valueRequired\":true,\"valueName\":\"search_term_string\"}}],\"inLanguage\":\"ca\"}]}<\/script>\n<!-- \/ Yoast SEO plugin. -->","yoast_head_json":{"title":"Galeria d'imatges - Ruta de la Tapa de Benet\u00fasser","robots":{"index":"index","follow":"follow","max-snippet":"max-snippet:-1","max-image-preview":"max-image-preview:large","max-video-preview":"max-video-preview:-1"},"canonical":"https:\/\/acbenetusser.com\/rutatapabenetusser\/galeria-de-imatges\/","og_locale":"ca_ES","og_type":"article","og_title":"Galeria d'imatges - Ruta de la Tapa de Benet\u00fasser","og_description":"Inauguraci\u00f3 Ac\u00ed us deixem algunes de les imatges de l&#8217;acte de presentaci\u00f3 de la 8\u00aa Ruta de la Tapa de Benet\u00fasser.","og_url":"https:\/\/acbenetusser.com\/rutatapabenetusser\/galeria-de-imatges\/","og_site_name":"Ruta de la Tapa de Benet\u00fasser","article_modified_time":"2023-11-24T05:15:20+00:00","og_image":[{"width":512,"height":341,"url":"https:\/\/acbenetusser.com\/rutatapabenetusser\/wp-content\/uploads\/sites\/3\/2023\/11\/Foto-colectiva.jpg","type":"image\/jpeg"}],"twitter_card":"summary_large_image","twitter_misc":{"Temps estimat de lectura":"5 minuts"},"schema":{"@context":"https:\/\/schema.org","@graph":[{"@type":"WebPage","@id":"https:\/\/acbenetusser.com\/rutatapabenetusser\/galeria-de-imatges\/","url":"https:\/\/acbenetusser.com\/rutatapabenetusser\/galeria-de-imatges\/","name":"Galeria d'imatges - Ruta de la Tapa de Benet\u00fasser","isPartOf":{"@id":"https:\/\/acbenetusser.com\/rutatapabenetusser\/#website"},"primaryImageOfPage":{"@id":"https:\/\/acbenetusser.com\/rutatapabenetusser\/galeria-de-imatges\/#primaryimage"},"image":{"@id":"https:\/\/acbenetusser.com\/rutatapabenetusser\/galeria-de-imatges\/#primaryimage"},"thumbnailUrl":"https:\/\/acbenetusser.com\/rutatapabenetusser\/wp-content\/uploads\/sites\/3\/2023\/11\/Foto-colectiva.jpg","datePublished":"2023-11-23T08:13:00+00:00","dateModified":"2023-11-24T05:15:20+00:00","breadcrumb":{"@id":"https:\/\/acbenetusser.com\/rutatapabenetusser\/galeria-de-imatges\/#breadcrumb"},"inLanguage":"ca","potentialAction":[{"@type":"ReadAction","target":["https:\/\/acbenetusser.com\/rutatapabenetusser\/galeria-de-imatges\/"]}]},{"@type":"ImageObject","inLanguage":"ca","@id":"https:\/\/acbenetusser.com\/rutatapabenetusser\/galeria-de-imatges\/#primaryimage","url":"https:\/\/acbenetusser.com\/rutatapabenetusser\/wp-content\/uploads\/sites\/3\/2023\/11\/Foto-colectiva.jpg","contentUrl":"https:\/\/acbenetusser.com\/rutatapabenetusser\/wp-content\/uploads\/sites\/3\/2023\/11\/Foto-colectiva.jpg","width":512,"height":341},{"@type":"BreadcrumbList","@id":"https:\/\/acbenetusser.com\/rutatapabenetusser\/galeria-de-imatges\/#breadcrumb","itemListElement":[{"@type":"ListItem","position":1,"name":"Inici","item":"https:\/\/acbenetusser.com\/rutatapabenetusser\/"},{"@type":"ListItem","position":2,"name":"Galeria d&#8217;imatges"}]},{"@type":"WebSite","@id":"https:\/\/acbenetusser.com\/rutatapabenetusser\/#website","url":"https:\/\/acbenetusser.com\/rutatapabenetusser\/","name":"Ruta de la Tapa de Benet\u00fasser","description":"9\u00aa Edici\u00f3: 2024. Des del 20 fins al 24 de novembre","potentialAction":[{"@type":"SearchAction","target":{"@type":"EntryPoint","urlTemplate":"https:\/\/acbenetusser.com\/rutatapabenetusser\/?s={search_term_string}"},"query-input":{"@type":"PropertyValueSpecification","valueRequired":true,"valueName":"search_term_string"}}],"inLanguage":"ca"}]}},"_links":{"self":[{"href":"https:\/\/acbenetusser.com\/rutatapabenetusser\/wp-json\/wp\/v2\/pages\/258","targetHints":{"allow":["GET"]}}],"collection":[{"href":"https:\/\/acbenetusser.com\/rutatapabenetusser\/wp-json\/wp\/v2\/pages"}],"about":[{"href":"https:\/\/acbenetusser.com\/rutatapabenetusser\/wp-json\/wp\/v2\/types\/page"}],"author":[{"embeddable":true,"href":"https:\/\/acbenetusser.com\/rutatapabenetusser\/wp-json\/wp\/v2\/users\/1"}],"replies":[{"embeddable":true,"href":"https:\/\/acbenetusser.com\/rutatapabenetusser\/wp-json\/wp\/v2\/comments?post=258"}],"version-history":[{"count":3,"href":"https:\/\/acbenetusser.com\/rutatapabenetusser\/wp-json\/wp\/v2\/pages\/258\/revisions"}],"predecessor-version":[{"id":267,"href":"https:\/\/acbenetusser.com\/rutatapabenetusser\/wp-json\/wp\/v2\/pages\/258\/revisions\/267"}],"wp:featuredmedia":[{"embeddable":true,"href":"https:\/\/acbenetusser.com\/rutatapabenetusser\/wp-json\/wp\/v2\/media\/234"}],"wp:attachment":[{"href":"https:\/\/acbenetusser.com\/rutatapabenetusser\/wp-json\/wp\/v2\/media?parent=258"}],"curies":[{"name":"wp","href":"https:\/\/api.w.org\/{rel}","templated":true}]}}